{"id":482,"date":"2021-12-27T16:46:09","date_gmt":"2021-12-27T14:46:09","guid":{"rendered":"http:\/\/www.sandraberiger.ch\/?page_id=482"},"modified":"2026-01-03T22:26:51","modified_gmt":"2026-01-03T20:26:51","slug":"vortrage","status":"publish","type":"page","link":"http:\/\/www.sandraberiger.ch\/sandra-beriger\/vortrage\/","title":{"rendered":"Vortr\u00e4ge"},"content":{"rendered":"\n<p>Vortragst\u00e4tigkeit f\u00fcr Lehrpersonen, Eltern und Schulische&nbsp;Heilp\u00e4dagogen zu den Themen:<\/p>\n\n\n\n<ol><li>Kindergarten- und Schulbereitschaft, Chancen und Risiken einer fr\u00fchen Einschulung<\/li><li>Mathematische F\u00f6rderung<\/li><li>20er, 100er, 1000er erobern und festigen, F\u00f6rderspiele f\u00fcr die Praxis der Schulischen Heilp\u00e4dagogik<\/li><li>Lernspiele f\u00fcr 4- bis 8-J\u00e4hrige<\/li><li>Grund- und Basisstufe, Lernen von 4 \u2013 8 in altersdurchmischten Gruppen<\/li><li>Sprachf\u00f6rderung<\/li><\/ol>\n\n\n\n<p>Vortr\u00e4ge an der Didacta in Basel, Hannover und K\u00f6ln, im Rahmen von Elternveranstaltungen in der Stadt Z\u00fcrich, in verschiedenen Gemeinden im Kanton Z\u00fcrich und im Kanton Aargau, bei Lehrerfortbildungen von Unterstufenlehrpersonen und F\u00f6rderlehrpersonen und im Kinderbuchladen Z\u00fcrich. Lernspiel-Events f\u00fcr Kinder in der Buchhandlung Hirslanden und in der Gemeindebibliothek Zollikon. Referat und Kurse im Rahmen der Z\u00fcrcher Arbeitsgemeinschaft f\u00fcr Lehrerfortbildung (ZAL), Referat f\u00fcr Schulische Heilp\u00e4dagogen im Didaktischen F\u00f6rderzentrum der HfH (Interkantonalen Hochschule f\u00fcr Heilp\u00e4dagogik) in Z\u00fcrich.&nbsp;Vortr\u00e4ge und Workshops am Schweizer Heilp\u00e4dagogik-Kongress&nbsp;&nbsp;in Bern und an der Bildungsmesse in K\u00f6ln.<\/p>\n\n\n\n<hr class=\"wp-block-separator\"\/>\n\n\n\n<div class=\"wp-block-columns\">\n<div class=\"wp-block-column\">\n<p class=\"has-foreground-color has-text-color\"><strong><strong>Vortr\u00e4ge f\u00fcr Eltern<\/strong><\/strong>. Bereit f\u00fcr den Kindergarten und die Schule <\/p>\n\n\n\n<p class=\"has-foreground-color has-text-color\">inkl.  Chancen und Risiken bei der Einschulung junger Kinder. <\/p>\n<\/div>\n\n\n\n<div class=\"wp-block-column\">\n<p class=\"has-foreground-color has-text-color\">Donnerstag, 26. Februar, 2026<\/p>\n\n\n\n<p class=\"has-foreground-color has-text-color\">Schulhaus M\u00fcnchhalde, M\u00fchlebachstrasse 180, 8008 Z\u00fcrich, 20:00, Singsaal<\/p>\n<\/div>\n<\/div>\n\n\n\n<hr class=\"wp-block-separator\"\/>\n\n\n\n<div class=\"wp-block-columns\">\n<div class=\"wp-block-column\">\n<p class=\"has-foreground-color has-text-color\"><strong>Aha Erlebnis mit Dienes\/Cuisenaire und Zahlenstrahl<\/strong> <\/p>\n\n\n\n<p class=\"has-foreground-color has-text-color\">Durch \u00abbegreifen\u00bb neue &nbsp;Wege zum mathematischen Verst\u00e4ndnis<\/p>\n<\/div>\n\n\n\n<div class=\"wp-block-column\">\n<p class=\"has-foreground-color has-text-color\">Mittwoch, 27. Mai 2026, 14:00 bis 17:00<\/p>\n\n\n\n<p class=\"has-foreground-color has-text-color\"><a rel=\"noreferrer noopener\" href=\"http:\/\/www.zal.ch\/\" target=\"_blank\">&nbsp;www.zal.ch<\/a><\/p>\n<\/div>\n<\/div>\n\n\n\n<hr class=\"wp-block-separator\"\/>\n\n\n\n<div class=\"wp-block-columns\">\n<div class=\"wp-block-column\">\n<p class=\"has-foreground-color has-text-color\"><strong><strong><em>Erstkl\u00e4ssler ohne Zahlvorstellung im 20er \u2013 <\/em><\/strong><\/strong><em>L\u00fccken erkennen \u2013 gezielt f\u00f6rdern<\/em><\/p>\n<\/div>\n\n\n\n<div class=\"wp-block-column\">\n<p>Mittwoch, 9. Sept. 2026, 14:00 bis 17.30 <\/p>\n\n\n\n<p class=\"has-foreground-color has-text-color\"><a rel=\"noreferrer noopener\" href=\"http:\/\/www.zal.ch\/\" target=\"_blank\">www.zal.ch<\/a><\/p>\n<\/div>\n<\/div>\n\n\n\n<hr class=\"wp-block-separator\"\/>\n\n\n\n<div class=\"wp-block-columns\">\n<div class=\"wp-block-column\">\n<p class=\"has-foreground-color has-text-color\"><strong><strong><strong>Aufbau einer sicheren Zahlvorstellung<\/strong><\/strong><\/strong><\/p>\n\n\n\n<p>Lehrplanziele im Kindergarten \u00abspielend\u00bb erreichen<\/p>\n<\/div>\n\n\n\n<div class=\"wp-block-column\">\n<p class=\"has-foreground-color has-text-color\">Mittwoch. 18. Nov. 2026,  14:00 bis 17.30 <\/p>\n\n\n\n<p class=\"has-foreground-color has-text-color\"><a rel=\"noreferrer noopener\" href=\"http:\/\/www.zal.ch\/\" target=\"_blank\">www.zal.ch<\/a><\/p>\n<\/div>\n<\/div>\n\n\n\n<hr class=\"wp-block-separator\"\/>\n\n\n\n<div class=\"wp-block-columns\">\n<div class=\"wp-block-column\">\n<p class=\"has-cyan-bluish-gray-color has-text-color\">Tagung Verband Dyslexie Schweiz<\/p>\n\n\n\n<p class=\"has-cyan-bluish-gray-color has-text-color\"><strong>Praxisreferat: Heilp\u00e4dagogische F\u00f6rderpraxis f\u00fcr die Praxis &#8211; 1. Zyklus<\/strong><\/p>\n<\/div>\n\n\n\n<div class=\"wp-block-column\">\n<p class=\"has-cyan-bluish-gray-color has-text-color\">18. Nov, 2023 \/ Universit\u00e4t Zurich Irchel<\/p>\n\n\n\n<p class=\"has-cyan-bluish-gray-color has-text-color\"><a href=\"https:\/\/www.verband-dyslexie.ch\/index.php\/home.html\">www.verband-dyslexie.ch<\/a><\/p>\n<\/div>\n<\/div>\n\n\n\n<hr class=\"wp-block-separator has-text-color has-background has-cyan-bluish-gray-background-color has-cyan-bluish-gray-color\"\/>\n","protected":false},"excerpt":{"rendered":"<p>Vortragst\u00e4tigkeit f\u00fcr Lehrpersonen, Eltern und Schulische&nbsp;Heilp\u00e4dagogen zu den Themen: Kindergarten- und Schulbereitschaft, Chancen und Risiken einer fr\u00fchen Einschulung Mathematische F\u00f6rderung 20er, 100er, 1000er erobern und festigen, F\u00f6rderspiele f\u00fcr die Praxis der Schulischen Heilp\u00e4dagogik Lernspiele f\u00fcr 4- bis 8-J\u00e4hrige Grund- und Basisstufe, Lernen von 4 \u2013 8 in altersdurchmischten Gruppen Sprachf\u00f6rderung Vortr\u00e4ge an der Didacta in [&hellip;]<\/p>\n","protected":false},"author":1,"featured_media":0,"parent":0,"menu_order":0,"comment_status":"closed","ping_status":"closed","template":"","meta":[],"_links":{"self":[{"href":"http:\/\/www.sandraberiger.ch\/sandra-beriger\/wp-json\/wp\/v2\/pages\/482"}],"collection":[{"href":"http:\/\/www.sandraberiger.ch\/sandra-beriger\/wp-json\/wp\/v2\/pages"}],"about":[{"href":"http:\/\/www.sandraberiger.ch\/sandra-beriger\/wp-json\/wp\/v2\/types\/page"}],"author":[{"embeddable":true,"href":"http:\/\/www.sandraberiger.ch\/sandra-beriger\/wp-json\/wp\/v2\/users\/1"}],"replies":[{"embeddable":true,"href":"http:\/\/www.sandraberiger.ch\/sandra-beriger\/wp-json\/wp\/v2\/comments?post=482"}],"version-history":[{"count":17,"href":"http:\/\/www.sandraberiger.ch\/sandra-beriger\/wp-json\/wp\/v2\/pages\/482\/revisions"}],"predecessor-version":[{"id":754,"href":"http:\/\/www.sandraberiger.ch\/sandra-beriger\/wp-json\/wp\/v2\/pages\/482\/revisions\/754"}],"wp:attachment":[{"href":"http:\/\/www.sandraberiger.ch\/sandra-beriger\/wp-json\/wp\/v2\/media?parent=482"}],"curies":[{"name":"wp","href":"https:\/\/api.w.org\/{rel}","templated":true}]}}